{"id":597,"date":"2021-01-21T10:42:26","date_gmt":"2021-01-21T10:42:26","guid":{"rendered":"https:\/\/fidesmv.es\/?page_id=597"},"modified":"2024-10-28T12:24:02","modified_gmt":"2024-10-28T12:24:02","slug":"qui-sommes-nous","status":"publish","type":"page","link":"https:\/\/fidesmv.es\/?page_id=597&lang=fr","title":{"rendered":"QUI SOMMES NOUS"},"content":{"rendered":"<p>[et_pb_section fb_built=\u00bb1&#8243; custom_padding_last_edited=\u00bbon|desktop\u00bb _builder_version=\u00bb4.16&#8243; _module_preset=\u00bbdefault\u00bb background_image=\u00bbhttps:\/\/fidesmv.es\/wp-content\/uploads\/2021\/01\/young-business-team-in-a-brainstorming-meeting-Z2L64RS-scaled.jpg\u00bb custom_padding=\u00bb100px||100px||true|false\u00bb custom_padding_tablet=\u00bb\u00bb custom_padding_phone=\u00bb\u00bb global_colors_info=\u00bb{}\u00bb][\/et_pb_section][et_pb_section fb_built=\u00bb1&#8243; _builder_version=\u00bb4.16&#8243; _module_preset=\u00bbdefault\u00bb global_colors_info=\u00bb{}\u00bb][et_pb_row _builder_version=\u00bb4.16&#8243; _module_preset=\u00bbdefault\u00bb global_colors_info=\u00bb{}\u00bb][et_pb_column type=\u00bb4_4&#8243; _builder_version=\u00bb4.16&#8243; _module_preset=\u00bbdefault\u00bb global_colors_info=\u00bb{}\u00bb][et_pb_text _builder_version=\u00bb4.17.4&#8243; _module_preset=\u00bbdefault\u00bb header_text_align=\u00bbcenter\u00bb header_2_text_align=\u00bbcenter\u00bb text_orientation=\u00bbcenter\u00bb custom_padding=\u00bb|70px||50px|false|false\u00bb custom_padding_tablet=\u00bb\u00bb custom_padding_phone=\u00bb|0px||0px|false|true\u00bb custom_padding_last_edited=\u00bbon|phone\u00bb locked=\u00bboff\u00bb global_colors_info=\u00bb{}\u00bb]<\/p>\n<h1>Nous sommes des innovateurs<\/h1>\n<p>&nbsp;<\/p>\n<p>FIDES est un Cabinet de Services Professionnels pour l&#8217;entreprise compos\u00e9 d&#8217;associ\u00e9s et de plus de 50 professionnels avec une exp\u00e9rience cumul\u00e9e de 25 ans. <span style=\"color: #ff0000;\"><strong>Chez FIDES, nous sommes des innovateurs<\/strong>,<\/span> nous avons des objectifs ambitieux, nous sommes proches de nos clients et nous nous am\u00e9liorons constamment pour leur offrir le meilleur service \u00e0 tout moment.<\/p>\n<p>Nous sommes convaincus que pour offrir un service de qualit\u00e9 \u00e0 nos clients, nous devons \u00eatre capables d&#8217;offrir des points de vue diff\u00e9rents et d&#8217;apporter des solutions diff\u00e9renciantes et innovantes, cr\u00e9atrices de valeur. C&#8217;est pourquoi nous avons une approche multidisciplinaire, fournissant des services d&#8217;Audit et Forensic.<\/p>\n<p>Nous travaillons pour diff\u00e9rents secteurs et march\u00e9s. Nous comptons parmi nos clients aussi bien des PME des secteurs les plus traditionnels que des entreprises mondialis\u00e9es avec une pr\u00e9sence internationale.<\/p>\n<p>Chez FIDES, nous pouvons vous apporter des solutions<\/p>\n<p>[\/et_pb_text][\/et_pb_column][\/et_pb_row][\/et_pb_section][et_pb_section fb_built=\u00bb1&#8243; custom_padding_last_edited=\u00bbon|phone\u00bb _builder_version=\u00bb4.16&#8243; _module_preset=\u00bbdefault\u00bb use_background_color_gradient=\u00bbon\u00bb background_color_gradient_stops=\u00bbrgba(0,0,0,0) 58%|#f7f7f7 58%\u00bb background_color_gradient_start=\u00bbrgba(0,0,0,0)\u00bb background_color_gradient_start_position=\u00bb58%\u00bb background_color_gradient_end=\u00bb#f7f7f7&#8243; background_color_gradient_end_position=\u00bb0%\u00bb custom_margin_tablet=\u00bb\u00bb custom_margin_phone=\u00bb0px||||false|false\u00bb custom_margin_last_edited=\u00bbon|phone\u00bb custom_padding=\u00bb0px||||false|false\u00bb custom_padding_tablet=\u00bb\u00bb custom_padding_phone=\u00bb0px||||false|false\u00bb locked=\u00bboff\u00bb global_colors_info=\u00bb{}\u00bb][et_pb_row column_structure=\u00bb1_3,1_3,1_3&#8243; use_custom_gutter=\u00bbon\u00bb gutter_width=\u00bb1&#8243; make_equal=\u00bbon\u00bb _builder_version=\u00bb4.16&#8243; _module_preset=\u00bbdefault\u00bb locked=\u00bboff\u00bb global_colors_info=\u00bb{}\u00bb][et_pb_column type=\u00bb1_3&#8243; _builder_version=\u00bb4.16&#8243; _module_preset=\u00bbdefault\u00bb global_colors_info=\u00bb{}\u00bb][et_pb_image src=\u00bbhttps:\/\/fidesmv.es\/wp-content\/uploads\/2021\/01\/Objeto-inteligente-vectorial.png\u00bb title_text=\u00bbObjeto inteligente vectorial\u00bb _builder_version=\u00bb4.16&#8243; _module_preset=\u00bbdefault\u00bb z_index=\u00bb320&#8243; width_tablet=\u00bb\u00bb width_phone=\u00bb30%\u00bb width_last_edited=\u00bbon|phone\u00bb custom_margin=\u00bb||-30px||false|false\u00bb custom_padding_tablet=\u00bb\u00bb custom_padding_phone=\u00bb|||20px|false|false\u00bb custom_padding_last_edited=\u00bbon|phone\u00bb global_colors_info=\u00bb{}\u00bb][\/et_pb_image][et_pb_blurb title=\u00bbRigueur\u00bb _builder_version=\u00bb4.27.2&#8243; _module_preset=\u00bbdefault\u00bb custom_padding=\u00bb50px||77px|25px|false|false\u00bb hover_enabled=\u00bb0&#8243; global_colors_info=\u00bb{}\u00bb background_color=\u00bb#E02B20&#8243; sticky_enabled=\u00bb0&#8243;]<\/p>\n<p>Ind\u00e9pendance, professionnalisme et transparence sont \u00e0 la base de nos relations avec nos clients.<\/p>\n<p>[\/et_pb_blurb][\/et_pb_column][et_pb_column type=\u00bb1_3&#8243; _builder_version=\u00bb4.16&#8243; _module_preset=\u00bbdefault\u00bb global_colors_info=\u00bb{}\u00bb][et_pb_image src=\u00bbhttps:\/\/fidesmv.es\/wp-content\/uploads\/2021\/01\/Capa-2.png\u00bb title_text=\u00bbCapa 2&#8243; _builder_version=\u00bb4.16&#8243; _module_preset=\u00bbdefault\u00bb z_index=\u00bb320&#8243; width_tablet=\u00bb\u00bb width_phone=\u00bb30%\u00bb width_last_edited=\u00bbon|phone\u00bb custom_margin=\u00bb39px||-41px||false|false\u00bb custom_margin_tablet=\u00bb\u00bb custom_margin_phone=\u00bb-40px||||false|false\u00bb custom_margin_last_edited=\u00bbon|phone\u00bb custom_padding_tablet=\u00bb\u00bb custom_padding_phone=\u00bb|||20px|false|false\u00bb custom_padding_last_edited=\u00bbon|phone\u00bb global_colors_info=\u00bb{}\u00bb][\/et_pb_image][et_pb_blurb title=\u00bbProximit\u00e9\u00bb _builder_version=\u00bb4.27.2&#8243; _module_preset=\u00bbdefault\u00bb background_color=\u00bb#e42e33&#8243; custom_padding_tablet=\u00bb\u00bb custom_padding_phone=\u00bb50px|25px|80px|25px|false|true\u00bb custom_padding_last_edited=\u00bbon|phone\u00bb hover_enabled=\u00bb0&#8243; global_colors_info=\u00bb{}\u00bb min_height=\u00bb203px\u00bb custom_padding=\u00bb50px||||false|false\u00bb sticky_enabled=\u00bb0&#8243;]<\/p>\n<p>Nous encourageons le travail d&#8217;\u00e9quipe et la collaboration avec le client, r\u00e9pondant toujours \u00e0 ses exigences avec des solutions orient\u00e9es m\u00e9tier.<\/p>\n<p>[\/et_pb_blurb][\/et_pb_column][et_pb_column type=\u00bb1_3&#8243; _builder_version=\u00bb4.16&#8243; _module_preset=\u00bbdefault\u00bb global_colors_info=\u00bb{}\u00bb][et_pb_image src=\u00bbhttps:\/\/fidesmv.es\/wp-content\/uploads\/2021\/01\/Capa-1.png\u00bb title_text=\u00bbCapa 1&#8243; _builder_version=\u00bb4.16&#8243; _module_preset=\u00bbdefault\u00bb z_index=\u00bb320&#8243; width_tablet=\u00bb\u00bb width_phone=\u00bb30%\u00bb width_last_edited=\u00bbon|phone\u00bb custom_margin=\u00bb5px||-45px||false|false\u00bb custom_margin_tablet=\u00bb\u00bb custom_margin_phone=\u00bb-60px||-45px||false|false\u00bb custom_margin_last_edited=\u00bbon|phone\u00bb custom_padding_tablet=\u00bb\u00bb custom_padding_phone=\u00bb|||20px|false|false\u00bb custom_padding_last_edited=\u00bbon|phone\u00bb global_colors_info=\u00bb{}\u00bb][\/et_pb_image][et_pb_blurb title=\u00bbEngagement\u00bb _builder_version=\u00bb4.27.2&#8243; _module_preset=\u00bbdefault\u00bb background_color=\u00bb#f73036&#8243; custom_padding=\u00bb50px|25px|77px|25px|false|true\u00bb hover_enabled=\u00bb0&#8243; global_colors_info=\u00bb{}\u00bb height=\u00bb203px\u00bb sticky_enabled=\u00bb0&#8243;]<\/p>\n<p>Nous ne m\u00e9nageons aucun effort pour atteindre les objectifs convenus avec nos clients<\/p>\n<p>[\/et_pb_blurb][\/et_pb_column][\/et_pb_row][\/et_pb_section][et_pb_section fb_built=\u00bb1&#8243; module_id=\u00bbinformes\u00bb _builder_version=\u00bb4.16&#8243; _module_preset=\u00bbdefault\u00bb background_color=\u00bb#f7f7f7&#8243; custom_margin=\u00bb||30px||false|false\u00bb custom_margin_tablet=\u00bb\u00bb custom_margin_phone=\u00bb\u00bb custom_margin_last_edited=\u00bbon|desktop\u00bb global_colors_info=\u00bb{}\u00bb admin_label=\u00bbSection\u00bb][et_pb_row _builder_version=\u00bb4.16&#8243; _module_preset=\u00bbdefault\u00bb global_colors_info=\u00bb{}\u00bb][et_pb_column type=\u00bb4_4&#8243; _builder_version=\u00bb4.16&#8243; _module_preset=\u00bbdefault\u00bb global_colors_info=\u00bb{}\u00bb][et_pb_text _builder_version=\u00bb4.16&#8243; _module_preset=\u00bbdefault\u00bb header_2_text_align=\u00bbcenter\u00bb header_2_text_color=\u00bb#E62A25&#8243; header_2_font_size=\u00bb30px\u00bb header_2_font_size_tablet=\u00bb\u00bb header_2_font_size_phone=\u00bb\u00bb header_2_font_size_last_edited=\u00bbon|desktop\u00bb global_colors_info=\u00bb{}\u00bb]<\/p>\n<h2>Notre \u00e9quipe<\/h2>\n<p>[\/et_pb_text][\/et_pb_column][\/et_pb_row][et_pb_row column_structure=\u00bb1_4,1_4,1_4,1_4&#8243; _builder_version=\u00bb4.17.6&#8243; _module_preset=\u00bbdefault\u00bb width=\u00bb100%\u00bb max_width=\u00bb85%\u00bb global_colors_info=\u00bb{}\u00bb][et_pb_column type=\u00bb1_4&#8243; _builder_version=\u00bb4.16&#8243; _module_preset=\u00bbdefault\u00bb global_colors_info=\u00bb{}\u00bb admin_label=\u00bbColonne\u00bb][et_pb_team_member name=\u00bbJuan Carlos Torres\u00bb position=\u00bbDirecteur associ\u00e9\u00bb image_url=\u00bbhttps:\/\/fidesmv.es\/wp-content\/uploads\/2021\/01\/jcarlos.jpg\u00bb _builder_version=\u00bb4.16&#8243; _module_preset=\u00bbdefault\u00bb header_font=\u00bbArvo|700|||||||\u00bb header_text_color=\u00bb#E62A25&#8243; header_font_size=\u00bb19px\u00bb header_line_height=\u00bb1.1em\u00bb body_font=\u00bbArvo||||||||\u00bb body_font_size=\u00bb13px\u00bb position_font=\u00bbArvo|700|||||||\u00bb position_text_color=\u00bb#666666&#8243; position_font_size=\u00bb17px\u00bb position_line_height=\u00bb2.1em\u00bb global_colors_info=\u00bb{}\u00bb]<\/p>\n<h5><\/h5>\n<p>Economiste et expert-comptable agr\u00e9\u00e9<\/p>\n<p>Partenaire \u2013 Directeur et coordinateur de projets internationaux.<\/p>\n<p>Trente ans d&#8217;exp\u00e9rience en audit et en tant qu&#8217;associ\u00e9 dans d&#8217;autres cabinets internationaux. Pr\u00e9sident de l&#8217;Association Officielle des Comptables Agr\u00e9\u00e9s de la Communaut\u00e9 Valencienne de 2008 \u00e0 2016.<\/p>\n<p>Administrateur de faillite dans plus de 20 proc\u00e9dures.<\/p>\n<p>Membre du Greffe des auditeurs judiciaires -RAJ- et de sa commission permanente, avec plus de 300 actes d&#8217;expertise.<\/p>\n<p>Professeur dans le Master d&#8217;audit de l&#8217;Universit\u00e9 de Valence et dans d&#8217;autres masters de troisi\u00e8me cycle.<\/p>\n<p>[\/et_pb_team_member][\/et_pb_column][et_pb_column type=\u00bb1_4&#8243; _builder_version=\u00bb4.16&#8243; _module_preset=\u00bbdefault\u00bb global_colors_info=\u00bb{}\u00bb][et_pb_team_member name=\u00bbLola Mor\u00bb position=\u00bbPartenaire\u00bb image_url=\u00bbhttps:\/\/fidesmv.es\/wp-content\/uploads\/2021\/01\/lola.jpg\u00bb _builder_version=\u00bb4.16&#8243; _module_preset=\u00bbdefault\u00bb header_font=\u00bbArvo|700|||||||\u00bb header_text_color=\u00bb#E62A25&#8243; header_font_size=\u00bb19px\u00bb header_line_height=\u00bb1.1em\u00bb body_font=\u00bbArvo||||||||\u00bb body_font_size=\u00bb13px\u00bb position_font=\u00bbArvo|700|||||||\u00bb position_text_color=\u00bb#666666&#8243; position_font_size=\u00bb17px\u00bb position_line_height=\u00bb2.1em\u00bb global_colors_info=\u00bb{}\u00bb]<\/p>\n<p style=\"margin: 0cm; text-align: justify; vertical-align: baseline;\">Licence en Sciences Economiques et Commerciales, Expert-Comptable agr\u00e9\u00e9 et Master en Fiscalit\u00e9.<o:p><\/o:p><\/p>\n<p style=\"margin: 0cm; text-align: justify; vertical-align: baseline;\">Associ\u00e9 du cabinet, ayant une exp\u00e9rience dans des cabinets internationaux et Directeur de la Division Audit.<o:p><\/o:p><\/p>\n<p style=\"margin: 0cm; text-align: justify; vertical-align: baseline;\">Avec plus de vingt-cinq ans d&#8217;exp\u00e9rience et sp\u00e9cialiste de la gestion et du leadership d&#8217;\u00e9quipe.<o:p><\/o:p><\/p>\n<p style=\"margin: 0cm; text-align: justify; vertical-align: baseline;\">Membre de la commission d&#8217;\u00e9thique du Coll\u00e8ge des Commissaires aux Comptes. <o:p><\/o:p><\/p>\n<p>[\/et_pb_team_member][\/et_pb_column][et_pb_column type=\u00bb1_4&#8243; _builder_version=\u00bb4.17.6&#8243; _module_preset=\u00bbdefault\u00bb global_colors_info=\u00bb{}\u00bb][et_pb_team_member name=\u00bbCarlos Candela\u00bb position=\u00bbPartenaire\u00bb image_url=\u00bbhttps:\/\/fidesmv.es\/wp-content\/uploads\/2021\/01\/carlos.jpg\u00bb _builder_version=\u00bb4.16&#8243; _module_preset=\u00bbdefault\u00bb header_font=\u00bbArvo|700|||||||\u00bb header_text_color=\u00bb#E62A25&#8243; header_font_size=\u00bb19px\u00bb header_line_height=\u00bb1.1em\u00bb body_font=\u00bbArvo||||||||\u00bb body_font_size=\u00bb13px\u00bb position_font=\u00bbArvo|700|||||||\u00bb position_text_color=\u00bb#666666&#8243; position_font_size=\u00bb17px\u00bb position_line_height=\u00bb2.1em\u00bb global_colors_info=\u00bb{}\u00bb]<\/p>\n<p style=\"text-align: justify; vertical-align: baseline;\">Licence en Administration et Gestion des affaires et expert-comptable agr\u00e9\u00e9. Master en gestion financi\u00e8re au Centre d&#8217;\u00e9tudes financi\u00e8res. Cours d&#8217;expert-comptable au Coll\u00e8ge des Commissaires aux Comptes.<o:p><\/o:p><\/p>\n<p style=\"margin: 0cm; text-align: justify; vertical-align: baseline;\">Fort d&#8217;une vingtaine d&#8217;ann\u00e9es d&#8217;exp\u00e9rience, dont certaines dans des cabinets internationaux, il est sp\u00e9cialiste du secteur coop\u00e9ratif et directeur de Valorisations et Corporate.<o:p><\/o:p><\/p>\n<p>[\/et_pb_team_member][\/et_pb_column][et_pb_column type=\u00bb1_4&#8243; _builder_version=\u00bb4.16&#8243; _module_preset=\u00bbdefault\u00bb global_colors_info=\u00bb{}\u00bb admin_label=\u00bbColonne\u00bb][et_pb_team_member name=\u00bbEsther Rovira\u00bb position=\u00bbResponsable Compliance P\u00e9nale\u00bb image_url=\u00bbhttps:\/\/fidesmv.es\/wp-content\/uploads\/2021\/01\/esther.jpg\u00bb _builder_version=\u00bb4.16&#8243; _module_preset=\u00bbdefault\u00bb header_font=\u00bbArvo|700|||||||\u00bb header_text_color=\u00bb#E62A25&#8243; header_font_size=\u00bb19px\u00bb header_line_height=\u00bb1.1em\u00bb body_font=\u00bbArvo||||||||\u00bb body_font_size=\u00bb13px\u00bb position_font=\u00bbArvo|700|||||||\u00bb position_text_color=\u00bb#666666&#8243; position_font_size=\u00bb17px\u00bb position_line_height=\u00bb2.1em\u00bb global_colors_info=\u00bb{}\u00bb]<\/p>\n<p style=\"text-align: justify; vertical-align: baseline;\">Licence en droit, Master en strat\u00e9gie d&#8217;entreprise et Master en cr\u00e9ation et gestion d&#8217;entreprises technologiques innovantes \u00e0 l&#8217;Universit\u00e9 de Valence, en plus de nombreux cours de formation et de recyclage dans diff\u00e9rentes \u00e9coles de commerce couvrant tous les domaines de la gestion.<o:p><\/o:p><\/p>\n<p style=\"text-align: justify; vertical-align: baseline;\">Directeur Conseil chez PwC pendant quatorze ans. Directeur de l&#8217;organisation et du d\u00e9veloppement corporatif de GRUPOTEC pendant cinq ans et directeur adjoint de l&#8217;Institut Valencien d&#8217;Art Moderne.<o:p><\/o:p><\/p>\n<p style=\"margin: 0cm; text-align: justify; vertical-align: baseline;\">Intervenant r\u00e9gulier sur les sujets d&#8217;Organisation et de Conduite du Changement dans les entreprises, les \u00e9coles de commerce et les universit\u00e9s.<o:p><\/o:p><\/p>\n<p>[\/et_pb_team_member][\/et_pb_column][\/et_pb_row][et_pb_row column_structure=\u00bb1_2,1_2&#8243; _builder_version=\u00bb4.17.6&#8243; _module_preset=\u00bbdefault\u00bb global_colors_info=\u00bb{}\u00bb][et_pb_column type=\u00bb1_2&#8243; _builder_version=\u00bb4.16&#8243; _module_preset=\u00bbdefault\u00bb global_colors_info=\u00bb{}\u00bb admin_label=\u00bbColonne\u00bb][et_pb_team_member name=\u00bbPilar Taberner\u00bb position=\u00bbDirectrice\u00bb image_url=\u00bbhttps:\/\/fidesmv.es\/wp-content\/uploads\/2021\/01\/pilar.jpg\u00bb _builder_version=\u00bb4.16&#8243; _module_preset=\u00bbdefault\u00bb header_font=\u00bbArvo|700|||||||\u00bb header_text_color=\u00bb#E62A25&#8243; header_font_size=\u00bb19px\u00bb header_line_height=\u00bb1.1em\u00bb body_font=\u00bbArvo||||||||\u00bb body_font_size=\u00bb13px\u00bb position_font=\u00bbArvo|700|||||||\u00bb position_text_color=\u00bb#666666&#8243; position_font_size=\u00bb17px\u00bb position_line_height=\u00bb2.1em\u00bb global_colors_info=\u00bb{}\u00bb]<\/p>\n<p style=\"text-align: justify; vertical-align: baseline;\">Dipl\u00f4me en sciences commerciales et expert-comptable agr\u00e9\u00e9.<o:p><\/o:p><\/p>\n<p style=\"text-align: justify; vertical-align: baseline;\">Vingt ans d&#8217;exp\u00e9rience, dont certaines dans des cabinets internationaux. Sp\u00e9cialiste de l&#8217;audit des comptes consolid\u00e9s et directeur du domaine d&#8217;audit des fonds structurels.<o:p><\/o:p><\/p>\n<p style=\"margin: 0cm; text-align: justify; vertical-align: baseline;\">Pr\u00e9c\u00e9demment G\u00e9rant du cabinet FIDES AUDITORES. Vingt ans d&#8217;exp\u00e9rience en audit, dont six en tant que superviseur, dont trois dans deux cabinets multinationaux et trois dans des cabinets nationaux.<o:p><\/o:p><\/p>\n<p>[\/et_pb_team_member][\/et_pb_column][et_pb_column type=\u00bb1_2&#8243; _builder_version=\u00bb4.17.6&#8243; _module_preset=\u00bbdefault\u00bb global_colors_info=\u00bb{}\u00bb admin_label=\u00bbColonne\u00bb][et_pb_team_member name=\u00bbCarmen Herrero\u00bb position=\u00bbDirectrice\u00bb image_url=\u00bbhttps:\/\/fidesmv.es\/wp-content\/uploads\/2021\/01\/carmen.jpg\u00bb _builder_version=\u00bb4.16&#8243; _module_preset=\u00bbdefault\u00bb header_font=\u00bbArvo|700|||||||\u00bb header_text_color=\u00bb#E62A25&#8243; header_font_size=\u00bb19px\u00bb header_line_height=\u00bb1.1em\u00bb body_font=\u00bbArvo||||||||\u00bb body_font_size=\u00bb13px\u00bb position_font=\u00bbArvo|700|||||||\u00bb position_text_color=\u00bb#666666&#8243; position_font_size=\u00bb17px\u00bb position_line_height=\u00bb2.1em\u00bb global_colors_info=\u00bb{}\u00bb]<\/p>\n<p style=\"text-align: justify; vertical-align: baseline;\">Licence en Sciences Economiques et Commerciales et Expert-Comptable agr\u00e9\u00e9.<o:p><\/o:p><\/p>\n<p style=\"text-align: justify; vertical-align: baseline;\">Master en gestion d&#8217;entreprise au Club d&#8217;\u00e9conomie et de gestion de Valence.<o:p><\/o:p><\/p>\n<p style=\"margin: 0cm; text-align: justify; vertical-align: baseline;\">Pr\u00e9c\u00e9demment G\u00e9rant du cabinet FIDES AUDITORES. Avec plus de vingt ans d&#8217;audit, dont beaucoup d\u00e9velopp\u00e9s chez E&amp;Y, elle est une sp\u00e9cialiste de l&#8217;audit de clients internationaux et des activit\u00e9s de formation.<o:p><\/o:p><\/p>\n<p>[\/et_pb_team_member][\/et_pb_column][\/et_pb_row][\/et_pb_section][et_pb_section fb_built=\u00bb1&#8243; _builder_version=\u00bb4.7.7&#8243; _module_preset=\u00bbdefault\u00bb background_color=\u00bb#f9f9f9&#8243; custom_padding=\u00bb20px||20px||false|false\u00bb global_module=\u00bb574&#8243; locked=\u00bboff\u00bb global_colors_info=\u00bb{}\u00bb][et_pb_row _builder_version=\u00bb4.16&#8243; _module_preset=\u00bbdefault\u00bb global_colors_info=\u00bb{}\u00bb][et_pb_column type=\u00bb4_4&#8243; _builder_version=\u00bb4.16&#8243; _module_preset=\u00bbdefault\u00bb global_colors_info=\u00bb{}\u00bb][et_pb_image src=\u00bbhttps:\/\/fidesmv.es\/wp-content\/uploads\/2021\/01\/Logo-1-e1729882188857.png\u00bb title_text=\u00bbLogo\u00bb _builder_version=\u00bb4.27.2&#8243; _module_preset=\u00bbdefault\u00bb width=\u00bb15%\u00bb width_tablet=\u00bb\u00bb width_phone=\u00bb50%\u00bb width_last_edited=\u00bbon|phone\u00bb module_alignment=\u00bbcenter\u00bb hover_enabled=\u00bb0&#8243; global_colors_info=\u00bb{}\u00bb alt=\u00bbabout fides\u00bb sticky_enabled=\u00bb0&#8243;][\/et_pb_image][et_pb_text _builder_version=\u00bb4.17.6&#8243; _module_preset=\u00bb4be56c38-d95c-4d8d-aa61-16caa318ce2f\u00bb text_orientation=\u00bbcenter\u00bb global_colors_info=\u00bb{}\u00bb]<\/p>\n<p><span style=\"color: #333333;\"><a href=\"mailto:contactanos@fidesmv.es\" style=\"color: #333333;\">contactanos@fidesmv.es<\/a><\/span><\/p>\n<p>[\/et_pb_text][\/et_pb_column][\/et_pb_row][et_pb_row column_structure=\u00bb1_3,1_3,1_3&#8243; use_custom_gutter=\u00bbon\u00bb gutter_width=\u00bb1&#8243; custom_padding_last_edited=\u00bbon|phone\u00bb _builder_version=\u00bb4.16&#8243; _module_preset=\u00bbdefault\u00bb width=\u00bb70%\u00bb custom_padding_tablet=\u00bb\u00bb custom_padding_phone=\u00bb0px||||false|false\u00bb global_colors_info=\u00bb{}\u00bb][et_pb_column type=\u00bb1_3&#8243; _builder_version=\u00bb4.16&#8243; _module_preset=\u00bbdefault\u00bb global_colors_info=\u00bb{}\u00bb][et_pb_text _builder_version=\u00bb4.16&#8243; _module_preset=\u00bb4be56c38-d95c-4d8d-aa61-16caa318ce2f\u00bb text_orientation=\u00bbcenter\u00bb global_colors_info=\u00bb{}\u00bb]<\/p>\n<p><span style=\"color: #ff0000;\"><strong>VALENCIA<\/strong> <span style=\"color: #333333;\"><a href=\"tel:936%20524 611\" style=\"color: #333333;\">963 524 611<\/a><\/span><\/span><\/p>\n<p>[\/et_pb_text][\/et_pb_column][et_pb_column type=\u00bb1_3&#8243; _builder_version=\u00bb4.16&#8243; _module_preset=\u00bbdefault\u00bb global_colors_info=\u00bb{}\u00bb][et_pb_text _builder_version=\u00bb4.16&#8243; _module_preset=\u00bb4be56c38-d95c-4d8d-aa61-16caa318ce2f\u00bb text_orientation=\u00bbcenter\u00bb global_colors_info=\u00bb{}\u00bb]<\/p>\n<p><span style=\"color: #ff0000;\"><span style=\"color: #333333;\"><span color=\"#ff0000\" style=\"color: #ff0000;\"><b>CASTELL\u00d3N\u00a0<\/b><\/span><a href=\"tel:964 291 163\" style=\"color: #333333;\">964 291 163<\/a><\/span><\/span><\/p>\n<p>[\/et_pb_text][\/et_pb_column][et_pb_column type=\u00bb1_3&#8243; _builder_version=\u00bb4.16&#8243; _module_preset=\u00bbdefault\u00bb global_colors_info=\u00bb{}\u00bb][et_pb_text _builder_version=\u00bb4.16&#8243; _module_preset=\u00bb4be56c38-d95c-4d8d-aa61-16caa318ce2f\u00bb text_orientation=\u00bbcenter\u00bb global_colors_info=\u00bb{}\u00bb]<\/p>\n<p><span style=\"color: #ff0000;\"><span style=\"color: #333333;\"><span color=\"#ff0000\" style=\"color: #ff0000;\"><b>ALICANTE\u00a0<\/b><\/span><a href=\"tel:965 210 350\" style=\"color: #333333;\">965 210 350<\/a><\/span><\/span><\/p>\n<p>[\/et_pb_text][\/et_pb_column][\/et_pb_row][\/et_pb_section][et_pb_section fb_built=\u00bb1&#8243; _builder_version=\u00bb4.16&#8243; _module_preset=\u00bbdefault\u00bb background_color=\u00bb#434343&#8243; use_background_color_gradient=\u00bbon\u00bb background_color_gradient_stops=\u00bbrgba(67,67,67,0.84) 0%|rgba(67,67,67,0.84) 100%\u00bb background_color_gradient_overlays_image=\u00bbon\u00bb background_color_gradient_start=\u00bbrgba(67,67,67,0.84)\u00bb background_color_gradient_end=\u00bbrgba(67,67,67,0.84)\u00bb background_image=\u00bbhttps:\/\/fidesmv.es\/wp-content\/uploads\/2021\/01\/Objeto-inteligente-vectorial.jpg\u00bb background_blend=\u00bbmultiply\u00bb custom_padding=\u00bb20px||19px||false|false\u00bb background_color_gradient_stops_tablet=\u00bbrgba(67,67,67,0.84) 0%|rgba(67,67,67,0.84) 100%\u00bb background_color_gradient_stops_phone=\u00bbrgba(67,67,67,0.84) 0%|rgba(67,67,67,0.84) 100%\u00bb global_module=\u00bb573&#8243; global_colors_info=\u00bb{}\u00bb][et_pb_row column_structure=\u00bb1_4,1_4,1_4,1_4&#8243; use_custom_gutter=\u00bbon\u00bb gutter_width=\u00bb1&#8243; _builder_version=\u00bb4.27.2&#8243; _module_preset=\u00bbdefault\u00bb width=\u00bb100%\u00bb max_width=\u00bb1152px\u00bb hover_enabled=\u00bb0&#8243; global_colors_info=\u00bb{}\u00bb sticky_enabled=\u00bb0&#8243;][et_pb_column type=\u00bb1_4&#8243; _builder_version=\u00bb4.16&#8243; _module_preset=\u00bbdefault\u00bb global_colors_info=\u00bb{}\u00bb][et_pb_text _builder_version=\u00bb4.27.2&#8243; _module_preset=\u00bb14fbba57-dbb6-4a5c-9812-24d7498d38e2&#8243; text_font_size=\u00bb12px\u00bb text_orientation=\u00bbcenter\u00bb hover_enabled=\u00bb0&#8243; global_colors_info=\u00bb{}\u00bb sticky_enabled=\u00bb0&#8243;]<a href=\"https:\/\/fidesmv.es\/?page_id=597&#038;lang=fr\"><span style=\"color: #ffffff;\">QUI SOMMES NOUS<\/span><\/a>[\/et_pb_text][\/et_pb_column][et_pb_column type=\u00bb1_4&#8243; _builder_version=\u00bb4.16&#8243; _module_preset=\u00bbdefault\u00bb global_colors_info=\u00bb{}\u00bb][et_pb_text _builder_version=\u00bb4.27.2&#8243; _module_preset=\u00bb14fbba57-dbb6-4a5c-9812-24d7498d38e2&#8243; text_font_size=\u00bb12px\u00bb text_orientation=\u00bbcenter\u00bb hover_enabled=\u00bb0&#8243; global_colors_info=\u00bb{}\u00bb sticky_enabled=\u00bb0&#8243;]<a href=\"https:\/\/fidesmv.es\/?page_id=609&#038;lang=fr\"><span style=\"color: #ffffff;\">AUDIT<\/span><\/a>[\/et_pb_text][\/et_pb_column][et_pb_column type=\u00bb1_4&#8243; _builder_version=\u00bb4.16&#8243; _module_preset=\u00bbdefault\u00bb global_colors_info=\u00bb{}\u00bb][et_pb_text _builder_version=\u00bb4.27.2&#8243; _module_preset=\u00bb14fbba57-dbb6-4a5c-9812-24d7498d38e2&#8243; text_font_size=\u00bb12px\u00bb text_orientation=\u00bbcenter\u00bb hover_enabled=\u00bb0&#8243; global_colors_info=\u00bb{}\u00bb sticky_enabled=\u00bb0&#8243; locked=\u00bboff\u00bb]<a href=\"https:\/\/fidesmv.es\/?page_id=621&#038;lang=fr\"><span style=\"color: #ffffff;\">FORENSIC<\/span><\/a>[\/et_pb_text][\/et_pb_column][et_pb_column type=\u00bb1_4&#8243; _builder_version=\u00bb4.16&#8243; _module_preset=\u00bbdefault\u00bb global_colors_info=\u00bb{}\u00bb][et_pb_text _builder_version=\u00bb4.27.2&#8243; _module_preset=\u00bb14fbba57-dbb6-4a5c-9812-24d7498d38e2&#8243; text_font_size=\u00bb12px\u00bb text_orientation=\u00bbcenter\u00bb hover_enabled=\u00bb0&#8243; global_colors_info=\u00bb{}\u00bb sticky_enabled=\u00bb0&#8243;]<a href=\"https:\/\/fidesmv.es\/?page_id=602&#038;lang=fr\"><span style=\"color: #ffffff;\">CONTACT<\/span><\/a>[\/et_pb_text][\/et_pb_column][\/et_pb_row][et_pb_row _builder_version=\u00bb4.16&#8243; _module_preset=\u00bbdefault\u00bb custom_padding=\u00bb||3px|||\u00bb global_colors_info=\u00bb{}\u00bb][et_pb_column type=\u00bb4_4&#8243; _builder_version=\u00bb4.16&#8243; _module_preset=\u00bbdefault\u00bb global_colors_info=\u00bb{}\u00bb][et_pb_text _builder_version=\u00bb4.27.2&#8243; _module_preset=\u00bb14fbba57-dbb6-4a5c-9812-24d7498d38e2&#8243; text_text_color=\u00bb#a3a3a3&#8243; text_font_size=\u00bb12px\u00bb link_font=\u00bb||||on||||\u00bb link_text_color=\u00bb#a3a3a3&#8243; text_orientation=\u00bbcenter\u00bb hover_enabled=\u00bb0&#8243; global_colors_info=\u00bb{}\u00bb sticky_enabled=\u00bb0&#8243;]Fides 2022. Tous droits r\u00e9serv\u00e9s | <a href=\"https:\/\/fidesmv.es\/?page_id=675&#038;lang=fr\" target=\"_blank\" rel=\"noopener noreferrer\"> Avis l\u00e9gal <\/a> | <a href=\"https:\/\/fidesmv.es\/?page_id=680&#038;lang=fr\" target=\"_blank\" rel=\"noopener noreferrer\">Pol\u00edtique de Privacit\u00e9<\/a> | <a href=\"https:\/\/fidesmv.es\/?page_id=670&#038;lang=fr\" target=\"_blank\" rel=\"noopener noreferrer\">Politique de Cookies<\/a> | <a href=\"https:\/\/fidesmv.es\/?page_id=744&#038;lang=fr\" target=\"_blank\" rel=\"noopener noreferrer\">Politique de Qualite<\/a> | \u00c9labor\u00e9 par Kuombo | D\u00e9velopp\u00e9 par <a href=\"https:\/\/dualtec.es\/\" target=\"_blank\" rel=\"noopener noreferrer\">Dualtec<\/a>[\/et_pb_text][\/et_pb_column][\/et_pb_row][\/et_pb_section]<\/p>\n","protected":false},"excerpt":{"rendered":"<p>Nous sommes des innovateurs &nbsp; FIDES est un Cabinet de Services Professionnels pour l&#8217;entreprise compos\u00e9 d&#8217;associ\u00e9s et de plus de 50 professionnels avec une exp\u00e9rience cumul\u00e9e de 25 ans. Chez FIDES, nous sommes des innovateurs, nous avons des objectifs ambitieux, nous sommes proches de nos clients et nous nous am\u00e9liorons constamment pour leur offrir le [&hellip;]<\/p>\n","protected":false},"author":1,"featured_media":0,"parent":0,"menu_order":0,"comment_status":"closed","ping_status":"closed","template":"","meta":{"_et_pb_use_builder":"on","_et_pb_old_content":"","_et_gb_content_width":"","footnotes":""},"class_list":["post-597","page","type-page","status-publish","hentry"],"lang":"fr","translations":{"fr":597,"en":461,"es":201,"de":639},"pll_sync_post":[],"_links":{"self":[{"href":"https:\/\/fidesmv.es\/index.php?rest_route=\/wp\/v2\/pages\/597","targetHints":{"allow":["GET"]}}],"collection":[{"href":"https:\/\/fidesmv.es\/index.php?rest_route=\/wp\/v2\/pages"}],"about":[{"href":"https:\/\/fidesmv.es\/index.php?rest_route=\/wp\/v2\/types\/page"}],"author":[{"embeddable":true,"href":"https:\/\/fidesmv.es\/index.php?rest_route=\/wp\/v2\/users\/1"}],"replies":[{"embeddable":true,"href":"https:\/\/fidesmv.es\/index.php?rest_route=%2Fwp%2Fv2%2Fcomments&post=597"}],"version-history":[{"count":6,"href":"https:\/\/fidesmv.es\/index.php?rest_route=\/wp\/v2\/pages\/597\/revisions"}],"predecessor-version":[{"id":1271,"href":"https:\/\/fidesmv.es\/index.php?rest_route=\/wp\/v2\/pages\/597\/revisions\/1271"}],"wp:attachment":[{"href":"https:\/\/fidesmv.es\/index.php?rest_route=%2Fwp%2Fv2%2Fmedia&parent=597"}],"curies":[{"name":"wp","href":"https:\/\/api.w.org\/{rel}","templated":true}]}}